{"id":2029,"date":"2024-09-08T16:36:18","date_gmt":"2024-09-08T16:36:18","guid":{"rendered":"https:\/\/organicbeeflamb.eu\/ekologiskt-notkott\/family-farming\/"},"modified":"2025-06-02T14:57:05","modified_gmt":"2025-06-02T14:57:05","slug":"familjejordbruk","status":"publish","type":"page","link":"https:\/\/organicbeeflamb.eu\/sv\/ekologiskt-notkott\/familjejordbruk\/","title":{"rendered":"Familjejordbruk"},"content":{"rendered":"\t\t<div data-elementor-type=\"wp-page\" data-elementor-id=\"2029\" class=\"elementor elementor-2029 elementor-54\" data-elementor-post-type=\"page\">\n\t\t\t\t<div class=\"elementor-element elementor-element-f567630 e-flex e-con-boxed e-con e-parent\" data-id=\"f567630\" data-element_type=\"container\" data-settings=\"{&quot;background_background&quot;:&quot;classic&quot;}\">\n\t\t\t\t\t<div class=\"e-con-inner\">\n\t\t\t\t<div class=\"elementor-element elementor-element-3ad6a80 elementor-widget elementor-widget-heading\" data-id=\"3ad6a80\" data-element_type=\"widget\" data-widget_type=\"heading.default\">\n\t\t\t\t<div class=\"elementor-widget-container\">\n\t\t\t\t\t<h1 class=\"elementor-heading-title elementor-size-default\">Familjejordbruk<\/h1>\t\t\t\t<\/div>\n\t\t\t\t<\/div>\n\t\t\t\t<div class=\"elementor-element elementor-element-5d97632 elementor-widget elementor-widget-image\" data-id=\"5d97632\" data-element_type=\"widget\" data-widget_type=\"image.default\">\n\t\t\t\t<div class=\"elementor-widget-container\">\n\t\t\t\t\t\t\t\t\t\t\t\t\t\t\t<img decoding=\"async\" width=\"146\" height=\"197\" src=\"https:\/\/organicbeeflamb.eu\/wp-content\/uploads\/2024\/09\/logo-Enjoy.svg\" class=\"attachment-full size-full wp-image-125\" alt=\"Enjoy it&#039;s from Europe\" \/>\t\t\t\t\t\t\t\t\t\t\t\t\t\t\t<\/div>\n\t\t\t\t<\/div>\n\t\t\t\t\t<\/div>\n\t\t\t\t<\/div>\n\t\t<div class=\"elementor-element elementor-element-b6cea8e e-flex e-con-boxed e-con e-parent\" data-id=\"b6cea8e\" data-element_type=\"container\">\n\t\t\t\t\t<div class=\"e-con-inner\">\n\t\t<div class=\"elementor-element elementor-element-e119086 e-con-full e-flex e-con e-child\" data-id=\"e119086\" data-element_type=\"container\">\n\t\t\t\t<div class=\"elementor-element elementor-element-61e8e6a elementor-widget elementor-widget-heading\" data-id=\"61e8e6a\" data-element_type=\"widget\" data-widget_type=\"heading.default\">\n\t\t\t\t<div class=\"elementor-widget-container\">\n\t\t\t\t\t<h2 class=\"elementor-heading-title elementor-size-default\">Vikten av generations\u00f6vergripande ekologiskt familjejordbruk i Europa och Irland<\/h2>\t\t\t\t<\/div>\n\t\t\t\t<\/div>\n\t\t\t\t<div class=\"elementor-element elementor-element-23e60d2 elementor-widget elementor-widget-text-editor\" data-id=\"23e60d2\" data-element_type=\"widget\" data-widget_type=\"text-editor.default\">\n\t\t\t\t<div class=\"elementor-widget-container\">\n\t\t\t\t\t\t\t\t\t<p><span style=\"font-weight: 400;\">Familje- och generationsjordbruk har varit centralt f\u00f6r Europas kultur och arv. \u00d6verf\u00f6ringen av jordbrukskunskap och f\u00e4rdigheter, kombinerat med de strikta \u00e5tg\u00e4rderna f\u00f6r <\/span><b>produktion av ekologisk mat,<\/b><span style=\"font-weight: 400;\"> g\u00f6r det m\u00f6jligt f\u00f6r EU att vara en ledande k\u00e4lla till <\/span><b>ekologiskt n\u00f6tk\u00f6tt och lamm.<\/b><span style=\"font-weight: 400;\"> I Irland \u00e4r jordbruket fortsatt djupt rotat i kulturen och st\u00f6der landsbygdsekonomierna. Den genomsnittliga hjordstorleken \u00e4r 66 n\u00f6tkreatur och 133 f\u00e5r. Inom ekologiskt jordbruk kr\u00e4vs en l\u00e5g djurt\u00e4thet, vilket g\u00f6r det till ett idealiskt system f\u00f6r att st\u00f6dja modellen f\u00f6r sm\u00e5 familjejordbruk.<\/span><\/p>\t\t\t\t\t\t\t\t<\/div>\n\t\t\t\t<\/div>\n\t\t\t\t<div class=\"elementor-element elementor-element-f9db975 animated-slow elementor-hidden-desktop elementor-hidden-tablet elementor-invisible elementor-widget elementor-widget-image\" data-id=\"f9db975\" data-element_type=\"widget\" data-settings=\"{&quot;_animation&quot;:&quot;slideInRight&quot;}\" data-widget_type=\"image.default\">\n\t\t\t\t<div class=\"elementor-widget-container\">\n\t\t\t\t\t\t\t\t\t\t\t\t\t\t\t<img fetchpriority=\"high\" decoding=\"async\" width=\"652\" height=\"752\" src=\"https:\/\/organicbeeflamb.eu\/wp-content\/uploads\/2025\/05\/ekologiskt-familjejordbruk.webp\" class=\"attachment-full size-full wp-image-4626\" alt=\"Ekologiskt familjejordbruk i Irland som g\u00e5r genom gr\u00f6na f\u00e4lt\" srcset=\"https:\/\/organicbeeflamb.eu\/wp-content\/uploads\/2025\/05\/ekologiskt-familjejordbruk.webp 652w, https:\/\/organicbeeflamb.eu\/wp-content\/uploads\/2025\/05\/ekologiskt-familjejordbruk-260x300.webp 260w\" sizes=\"(max-width: 652px) 100vw, 652px\" \/>\t\t\t\t\t\t\t\t\t\t\t\t\t\t\t<\/div>\n\t\t\t\t<\/div>\n\t\t\t\t<div class=\"elementor-element elementor-element-1917ae0 animated-slow elementor-hidden-desktop elementor-hidden-tablet elementor-invisible elementor-widget elementor-widget-image\" data-id=\"1917ae0\" data-element_type=\"widget\" data-settings=\"{&quot;_animation&quot;:&quot;slideInUp&quot;}\" data-widget_type=\"image.default\">\n\t\t\t\t<div class=\"elementor-widget-container\">\n\t\t\t\t\t\t\t\t\t\t\t\t\t\t\t<img decoding=\"async\" width=\"439\" height=\"505\" src=\"https:\/\/organicbeeflamb.eu\/wp-content\/uploads\/2025\/05\/ekologisk-kreatursskotsel-irland.webp\" class=\"attachment-full size-full wp-image-4631\" alt=\"Ekologisk kreaturssk\u00f6tsel i Irland med kor som betar p\u00e5 en gr\u00f6n \u00e4ng\" srcset=\"https:\/\/organicbeeflamb.eu\/wp-content\/uploads\/2025\/05\/ekologisk-kreatursskotsel-irland.webp 439w, https:\/\/organicbeeflamb.eu\/wp-content\/uploads\/2025\/05\/ekologisk-kreatursskotsel-irland-261x300.webp 261w\" sizes=\"(max-width: 439px) 100vw, 439px\" \/>\t\t\t\t\t\t\t\t\t\t\t\t\t\t\t<\/div>\n\t\t\t\t<\/div>\n\t\t\t\t<div class=\"elementor-element elementor-element-dfb7ae8 elementor-widget elementor-widget-heading\" data-id=\"dfb7ae8\" data-element_type=\"widget\" data-widget_type=\"heading.default\">\n\t\t\t\t<div class=\"elementor-widget-container\">\n\t\t\t\t\t<h2 class=\"elementor-heading-title elementor-size-default\">Familjejordbrukets nyckelroll i landsbygdsutveckling och h\u00e5llbarhet <\/h2>\t\t\t\t<\/div>\n\t\t\t\t<\/div>\n\t\t\t\t<div class=\"elementor-element elementor-element-5f48719 elementor-widget elementor-widget-text-editor\" data-id=\"5f48719\" data-element_type=\"widget\" data-widget_type=\"text-editor.default\">\n\t\t\t\t<div class=\"elementor-widget-container\">\n\t\t\t\t\t\t\t\t\t<p><span style=\"font-weight: 400;\"><strong>Familjejordbruk<\/strong> g\u00f6r landsbygdsekonomier<\/span><b> mer konkurrenskraftiga och h\u00e5llbara,<\/b><span style=\"font-weight: 400;\"> s\u00e4kerst\u00e4ller <\/span><b>livsmedelss\u00e4kerhet<\/b><span style=\"font-weight: 400;\">, f\u00f6rb\u00e4ttrar f\u00f6rs\u00f6rjningsm\u00f6jligheter och skyddar <\/span><b>milj\u00f6n<\/b><span style=\"font-weight: 400;\">.<\/span><\/p><p><span style=\"font-weight: 400;\">Erk\u00e4nt av FN som avg\u00f6rande f\u00f6r att uppn\u00e5 m\u00e5let om att utrota hunger, en motst\u00e5ndskraftig planet och h\u00e5llbar utveckling.<\/span><\/p>\t\t\t\t\t\t\t\t<\/div>\n\t\t\t\t<\/div>\n\t\t\t\t<div class=\"elementor-element elementor-element-77ac125 elementor-widget elementor-widget-heading\" data-id=\"77ac125\" data-element_type=\"widget\" data-widget_type=\"heading.default\">\n\t\t\t\t<div class=\"elementor-widget-container\">\n\t\t\t\t\t<h2 class=\"elementor-heading-title elementor-size-default\">F\u00f6rdelarna med ekologiskt jordbruk p\u00e5 familje\u00e4gda g\u00e5rdar  <\/h2>\t\t\t\t<\/div>\n\t\t\t\t<\/div>\n\t\t\t\t<div class=\"elementor-element elementor-element-0ac4af4 elementor-widget elementor-widget-text-editor\" data-id=\"0ac4af4\" data-element_type=\"widget\" data-widget_type=\"text-editor.default\">\n\t\t\t\t<div class=\"elementor-widget-container\">\n\t\t\t\t\t\t\t\t\t<p><span style=\"font-weight: 400;\">Genom att anta innovativa metoder blir g\u00e5rdar mer l\u00f6nsamma och lockar n\u00e4sta generation att forts\u00e4tta familjejordbrukets tradition.<\/span><\/p>\t\t\t\t\t\t\t\t<\/div>\n\t\t\t\t<\/div>\n\t\t\t\t<div class=\"elementor-element elementor-element-b1290a0 elementor-widget elementor-widget-heading\" data-id=\"b1290a0\" data-element_type=\"widget\" data-widget_type=\"heading.default\">\n\t\t\t\t<div class=\"elementor-widget-container\">\n\t\t\t\t\t<h2 class=\"elementor-heading-title elementor-size-default\">Kobes\u00e4ttning i ekologisk n\u00f6tk\u00f6ttsproduktion<\/h2>\t\t\t\t<\/div>\n\t\t\t\t<\/div>\n\t\t\t\t<div class=\"elementor-element elementor-element-d2bb63e elementor-widget elementor-widget-text-editor\" data-id=\"d2bb63e\" data-element_type=\"widget\" data-widget_type=\"text-editor.default\">\n\t\t\t\t<div class=\"elementor-widget-container\">\n\t\t\t\t\t\t\t\t\t<p><span style=\"font-weight: 400;\">Amko-systemet \u00e4r ett avelssystem d\u00e4r kor f\u00f6der upp kalvar f\u00f6r k\u00f6ttproduktion och inte anv\u00e4nds f\u00f6r att producera mj\u00f6lk f\u00f6r mejeriprodukter. I detta system f\u00e5r kalven modersmj\u00f6lken fr\u00e5n kon.<\/span><\/p><p><span style=\"font-weight: 400;\">Raser av n\u00f6tkreatur inkluderar Hereford, Limousin, Charolais, Aberdeen Angus, Simmental och Shorthorn. Irland har den tredje st\u00f6rsta amkohjorden inom EU.<\/span><\/p>\t\t\t\t\t\t\t\t<\/div>\n\t\t\t\t<\/div>\n\t\t\t\t<\/div>\n\t\t<div class=\"elementor-element elementor-element-8cde4b4 e-con-full elementor-hidden-mobile e-flex e-con e-child\" data-id=\"8cde4b4\" data-element_type=\"container\">\n\t\t\t\t<div class=\"elementor-element elementor-element-53071a4 animated-slow elementor-invisible elementor-widget elementor-widget-image\" data-id=\"53071a4\" data-element_type=\"widget\" data-settings=\"{&quot;_animation&quot;:&quot;slideInRight&quot;}\" data-widget_type=\"image.default\">\n\t\t\t\t<div class=\"elementor-widget-container\">\n\t\t\t\t\t\t\t\t\t\t\t\t\t\t\t<img fetchpriority=\"high\" decoding=\"async\" width=\"652\" height=\"752\" src=\"https:\/\/organicbeeflamb.eu\/wp-content\/uploads\/2025\/05\/ekologiskt-familjejordbruk.webp\" class=\"attachment-full size-full wp-image-4626\" alt=\"Ekologiskt familjejordbruk i Irland som g\u00e5r genom gr\u00f6na f\u00e4lt\" srcset=\"https:\/\/organicbeeflamb.eu\/wp-content\/uploads\/2025\/05\/ekologiskt-familjejordbruk.webp 652w, https:\/\/organicbeeflamb.eu\/wp-content\/uploads\/2025\/05\/ekologiskt-familjejordbruk-260x300.webp 260w\" sizes=\"(max-width: 652px) 100vw, 652px\" \/>\t\t\t\t\t\t\t\t\t\t\t\t\t\t\t<\/div>\n\t\t\t\t<\/div>\n\t\t\t\t<div class=\"elementor-element elementor-element-241375f animated-slow elementor-invisible elementor-widget elementor-widget-image\" data-id=\"241375f\" data-element_type=\"widget\" data-settings=\"{&quot;_animation&quot;:&quot;slideInUp&quot;}\" data-widget_type=\"image.default\">\n\t\t\t\t<div class=\"elementor-widget-container\">\n\t\t\t\t\t\t\t\t\t\t\t\t\t\t\t<img decoding=\"async\" width=\"439\" height=\"505\" src=\"https:\/\/organicbeeflamb.eu\/wp-content\/uploads\/2025\/05\/ekologisk-kreatursskotsel-irland.webp\" class=\"attachment-full size-full wp-image-4631\" alt=\"Ekologisk kreaturssk\u00f6tsel i Irland med kor som betar p\u00e5 en gr\u00f6n \u00e4ng\" srcset=\"https:\/\/organicbeeflamb.eu\/wp-content\/uploads\/2025\/05\/ekologisk-kreatursskotsel-irland.webp 439w, https:\/\/organicbeeflamb.eu\/wp-content\/uploads\/2025\/05\/ekologisk-kreatursskotsel-irland-261x300.webp 261w\" sizes=\"(max-width: 439px) 100vw, 439px\" \/>\t\t\t\t\t\t\t\t\t\t\t\t\t\t\t<\/div>\n\t\t\t\t<\/div>\n\t\t\t\t<\/div>\n\t\t\t\t\t<\/div>\n\t\t\t\t<\/div>\n\t\t\t\t<\/div>\n\t\t","protected":false},"excerpt":{"rendered":"<p>Familjejordbruk Vikten av generations\u00f6vergripande ekologiskt familjejordbruk i Europa och Irland Familje- och generationsjordbruk har varit centralt f\u00f6r Europas kultur och arv. \u00d6verf\u00f6ringen av jordbrukskunskap och f\u00e4rdigheter, kombinerat med de strikta \u00e5tg\u00e4rderna f\u00f6r produktion av ekologisk mat, g\u00f6r det m\u00f6jligt f\u00f6r EU att vara en ledande k\u00e4lla till ekologiskt n\u00f6tk\u00f6tt och lamm. I Irland \u00e4r jordbruket [&hellip;]<\/p>\n","protected":false},"author":1,"featured_media":0,"parent":2021,"menu_order":0,"comment_status":"closed","ping_status":"closed","template":"","meta":{"footnotes":""},"class_list":["post-2029","page","type-page","status-publish","hentry"],"_links":{"self":[{"href":"https:\/\/organicbeeflamb.eu\/sv\/wp-json\/wp\/v2\/pages\/2029","targetHints":{"allow":["GET"]}}],"collection":[{"href":"https:\/\/organicbeeflamb.eu\/sv\/wp-json\/wp\/v2\/pages"}],"about":[{"href":"https:\/\/organicbeeflamb.eu\/sv\/wp-json\/wp\/v2\/types\/page"}],"author":[{"embeddable":true,"href":"https:\/\/organicbeeflamb.eu\/sv\/wp-json\/wp\/v2\/users\/1"}],"replies":[{"embeddable":true,"href":"https:\/\/organicbeeflamb.eu\/sv\/wp-json\/wp\/v2\/comments?post=2029"}],"version-history":[{"count":22,"href":"https:\/\/organicbeeflamb.eu\/sv\/wp-json\/wp\/v2\/pages\/2029\/revisions"}],"predecessor-version":[{"id":7040,"href":"https:\/\/organicbeeflamb.eu\/sv\/wp-json\/wp\/v2\/pages\/2029\/revisions\/7040"}],"up":[{"embeddable":true,"href":"https:\/\/organicbeeflamb.eu\/sv\/wp-json\/wp\/v2\/pages\/2021"}],"wp:attachment":[{"href":"https:\/\/organicbeeflamb.eu\/sv\/wp-json\/wp\/v2\/media?parent=2029"}],"curies":[{"name":"wp","href":"https:\/\/api.w.org\/{rel}","templated":true}]}}