{"id":2037,"date":"2024-09-08T16:36:41","date_gmt":"2024-09-08T16:36:41","guid":{"rendered":"https:\/\/organicbeeflamb.eu\/organic-lamb\/"},"modified":"2025-06-02T14:59:00","modified_gmt":"2025-06-02T14:59:00","slug":"ekologiskt-lamm","status":"publish","type":"page","link":"https:\/\/organicbeeflamb.eu\/sv\/ekologiskt-lamm\/","title":{"rendered":"Ekologiskt lamm"},"content":{"rendered":"\t\t<div data-elementor-type=\"wp-page\" data-elementor-id=\"2037\" class=\"elementor elementor-2037 elementor-56\" data-elementor-post-type=\"page\">\n\t\t\t\t<div class=\"elementor-element elementor-element-a53459c e-flex e-con-boxed e-con e-parent\" data-id=\"a53459c\" data-element_type=\"container\" data-settings=\"{&quot;background_background&quot;:&quot;classic&quot;}\">\n\t\t\t\t\t<div class=\"e-con-inner\">\n\t\t\t\t<div class=\"elementor-element elementor-element-bfc18f9 elementor-widget elementor-widget-heading\" data-id=\"bfc18f9\" data-element_type=\"widget\" data-widget_type=\"heading.default\">\n\t\t\t\t<div class=\"elementor-widget-container\">\n\t\t\t\t\t<h1 class=\"elementor-heading-title elementor-size-default\">Ekologiskt Lamm<\/h1>\t\t\t\t<\/div>\n\t\t\t\t<\/div>\n\t\t\t\t<div class=\"elementor-element elementor-element-7ea5bec elementor-widget elementor-widget-image\" data-id=\"7ea5bec\" data-element_type=\"widget\" data-widget_type=\"image.default\">\n\t\t\t\t<div class=\"elementor-widget-container\">\n\t\t\t\t\t\t\t\t\t\t\t\t\t\t\t<img decoding=\"async\" width=\"146\" height=\"197\" src=\"https:\/\/organicbeeflamb.eu\/wp-content\/uploads\/2024\/09\/logo-Enjoy.svg\" class=\"attachment-full size-full wp-image-125\" alt=\"Enjoy it&#039;s from Europe\" \/>\t\t\t\t\t\t\t\t\t\t\t\t\t\t\t<\/div>\n\t\t\t\t<\/div>\n\t\t\t\t\t<\/div>\n\t\t\t\t<\/div>\n\t\t<div class=\"elementor-element elementor-element-2656cb1 e-flex e-con-boxed e-con e-parent\" data-id=\"2656cb1\" data-element_type=\"container\">\n\t\t\t\t\t<div class=\"e-con-inner\">\n\t\t<div class=\"elementor-element elementor-element-038e7de e-con-full e-flex e-con e-child\" data-id=\"038e7de\" data-element_type=\"container\">\n\t\t\t\t<div class=\"elementor-element elementor-element-9fd0c17 elementor-widget elementor-widget-text-editor\" data-id=\"9fd0c17\" data-element_type=\"widget\" data-widget_type=\"text-editor.default\">\n\t\t\t\t<div class=\"elementor-widget-container\">\n\t\t\t\t\t\t\t\t\t<p><b>Europeiskt ekologiskt lammk\u00f6tt <\/b><span style=\"font-weight: 400;\">erbjuder en unik kombination av h\u00e4lsof\u00f6rdelar, \u00f6verl\u00e4gsen smak och h\u00e5llbara produktionsmetoder. Med sin v\u00e4xande popularitet och starka n\u00e4rvaro p\u00e5 b\u00e5de inhemska och internationella marknader \u00e4r <\/span><b>ekologiskt lammk\u00f6tt fr\u00e5n Irland <\/b><span style=\"font-weight: 400;\">det perfekta valet f\u00f6r dem som s\u00f6ker h\u00f6gkvalitativt och v\u00e4lsmakande k\u00f6tt.<\/span><\/p>\t\t\t\t\t\t\t\t<\/div>\n\t\t\t\t<\/div>\n\t\t\t\t<\/div>\n\t\t<div class=\"elementor-element elementor-element-efc96a1 e-con-full e-flex e-con e-child\" data-id=\"efc96a1\" data-element_type=\"container\">\n\t\t\t\t<div class=\"elementor-element elementor-element-7623a4e animated-slow elementor-invisible elementor-widget elementor-widget-image\" data-id=\"7623a4e\" data-element_type=\"widget\" data-settings=\"{&quot;_animation&quot;:&quot;slideInRight&quot;}\" data-widget_type=\"image.default\">\n\t\t\t\t<div class=\"elementor-widget-container\">\n\t\t\t\t\t\t\t\t\t\t\t\t\t\t\t<img fetchpriority=\"high\" decoding=\"async\" width=\"1965\" height=\"1023\" src=\"https:\/\/organicbeeflamb.eu\/wp-content\/uploads\/2025\/05\/ekologisk-lam-irlandsk-far-1.webp\" class=\"attachment-full size-full wp-image-4704\" alt=\"Ekologiskt lamm\" srcset=\"https:\/\/organicbeeflamb.eu\/wp-content\/uploads\/2025\/05\/ekologisk-lam-irlandsk-far-1.webp 1965w, https:\/\/organicbeeflamb.eu\/wp-content\/uploads\/2025\/05\/ekologisk-lam-irlandsk-far-1-300x156.webp 300w, https:\/\/organicbeeflamb.eu\/wp-content\/uploads\/2025\/05\/ekologisk-lam-irlandsk-far-1-1024x533.webp 1024w, https:\/\/organicbeeflamb.eu\/wp-content\/uploads\/2025\/05\/ekologisk-lam-irlandsk-far-1-768x400.webp 768w, https:\/\/organicbeeflamb.eu\/wp-content\/uploads\/2025\/05\/ekologisk-lam-irlandsk-far-1-1536x800.webp 1536w\" sizes=\"(max-width: 1965px) 100vw, 1965px\" \/>\t\t\t\t\t\t\t\t\t\t\t\t\t\t\t<\/div>\n\t\t\t\t<\/div>\n\t\t\t\t<\/div>\n\t\t\t\t\t<\/div>\n\t\t\t\t<\/div>\n\t\t<div class=\"elementor-element elementor-element-c42e770 e-flex e-con-boxed e-con e-parent\" data-id=\"c42e770\" data-element_type=\"container\">\n\t\t\t\t\t<div class=\"e-con-inner\">\n\t\t\t\t<div class=\"elementor-element elementor-element-904d04c elementor-widget elementor-widget-heading\" data-id=\"904d04c\" data-element_type=\"widget\" data-widget_type=\"heading.default\">\n\t\t\t\t<div class=\"elementor-widget-container\">\n\t\t\t\t\t<h2 class=\"elementor-heading-title elementor-size-default\">Vad g\u00f6r lammk\u00f6tt ekologiskt? Viktiga f\u00f6rdelar med ekologiskt lammk\u00f6tt <\/h2>\t\t\t\t<\/div>\n\t\t\t\t<\/div>\n\t\t\t\t\t<\/div>\n\t\t\t\t<\/div>\n\t\t<div class=\"elementor-element elementor-element-a6ccbac e-flex e-con-boxed e-con e-parent\" data-id=\"a6ccbac\" data-element_type=\"container\">\n\t\t\t\t\t<div class=\"e-con-inner\">\n\t\t<div class=\"elementor-element elementor-element-b9b87a9 e-con-full e-flex e-con e-child\" data-id=\"b9b87a9\" data-element_type=\"container\">\n\t\t\t\t<div class=\"elementor-element elementor-element-3d45144 elementor-widget elementor-widget-image\" data-id=\"3d45144\" data-element_type=\"widget\" data-widget_type=\"image.default\">\n\t\t\t\t<div class=\"elementor-widget-container\">\n\t\t\t\t\t\t\t\t\t\t\t\t\t\t\t<img decoding=\"async\" src=\"https:\/\/organicbeeflamb.eu\/wp-content\/uploads\/2024\/09\/organic_beef_icon_1.svg\" class=\"attachment-full size-full wp-image-403\" alt=\"\" \/>\t\t\t\t\t\t\t\t\t\t\t\t\t\t\t<\/div>\n\t\t\t\t<\/div>\n\t\t\t\t<div class=\"elementor-element elementor-element-b718726 elementor-widget__width-initial elementor-widget elementor-widget-text-editor\" data-id=\"b718726\" data-element_type=\"widget\" data-widget_type=\"text-editor.default\">\n\t\t\t\t<div class=\"elementor-widget-container\">\n\t\t\t\t\t\t\t\t\t<ul><li>En h\u00f6gre standard f\u00f6r djurv\u00e4lf\u00e4rd. Djuren m\u00e5ste ha gott om utrymme, b\u00e5de inomhus och utomhus, vilket hj\u00e4lper till att minska stress och sjukdomar.<\/li><\/ul>\t\t\t\t\t\t\t\t<\/div>\n\t\t\t\t<\/div>\n\t\t\t\t<\/div>\n\t\t<div class=\"elementor-element elementor-element-85f4e01 e-con-full elementor-hidden-mobile e-flex e-con e-child\" data-id=\"85f4e01\" data-element_type=\"container\">\n\t\t\t\t<div class=\"elementor-element elementor-element-a897c13 elementor-widget elementor-widget-image\" data-id=\"a897c13\" data-element_type=\"widget\" data-widget_type=\"image.default\">\n\t\t\t\t<div class=\"elementor-widget-container\">\n\t\t\t\t\t\t\t\t\t\t\t\t\t\t\t<img decoding=\"async\" src=\"https:\/\/organicbeeflamb.eu\/wp-content\/uploads\/2024\/09\/organic_beef_icon_2.svg\" class=\"attachment-full size-full wp-image-408\" alt=\"\" \/>\t\t\t\t\t\t\t\t\t\t\t\t\t\t\t<\/div>\n\t\t\t\t<\/div>\n\t\t\t\t<div class=\"elementor-element elementor-element-773baab elementor-widget__width-initial elementor-widget elementor-widget-text-editor\" data-id=\"773baab\" data-element_type=\"widget\" data-widget_type=\"text-editor.default\">\n\t\t\t\t<div class=\"elementor-widget-container\">\n\t\t\t\t\t\t\t\t\t<ul><li>Rutinm\u00e4ssig anv\u00e4ndning av antibiotika \u00e4r inte till\u00e5ten.<\/li><\/ul>\t\t\t\t\t\t\t\t<\/div>\n\t\t\t\t<\/div>\n\t\t\t\t<\/div>\n\t\t\t\t\t<\/div>\n\t\t\t\t<\/div>\n\t\t<div class=\"elementor-element elementor-element-0fc397a e-flex e-con-boxed e-con e-parent\" data-id=\"0fc397a\" data-element_type=\"container\">\n\t\t\t\t\t<div class=\"e-con-inner\">\n\t\t<div class=\"elementor-element elementor-element-6b2b499 e-con-full e-flex e-con e-child\" data-id=\"6b2b499\" data-element_type=\"container\">\n\t\t\t\t<div class=\"elementor-element elementor-element-be6b8fb elementor-widget elementor-widget-image\" data-id=\"be6b8fb\" data-element_type=\"widget\" data-widget_type=\"image.default\">\n\t\t\t\t<div class=\"elementor-widget-container\">\n\t\t\t\t\t\t\t\t\t\t\t\t\t\t\t<img decoding=\"async\" src=\"https:\/\/organicbeeflamb.eu\/wp-content\/uploads\/2024\/09\/organic_beef_icon_3.svg\" class=\"attachment-full size-full wp-image-413\" alt=\"\" \/>\t\t\t\t\t\t\t\t\t\t\t\t\t\t\t<\/div>\n\t\t\t\t<\/div>\n\t\t\t\t<div class=\"elementor-element elementor-element-77882f4 elementor-widget__width-initial elementor-widget elementor-widget-text-editor\" data-id=\"77882f4\" data-element_type=\"widget\" data-widget_type=\"text-editor.default\">\n\t\t\t\t<div class=\"elementor-widget-container\">\n\t\t\t\t\t\t\t\t\t<ul><li>Djuren m\u00e5ste ha tillg\u00e5ng till betesmarker f\u00f6r att beta n\u00e4r f\u00f6rh\u00e5llandena till\u00e5ter det.<\/li><\/ul>\t\t\t\t\t\t\t\t<\/div>\n\t\t\t\t<\/div>\n\t\t\t\t<\/div>\n\t\t<div class=\"elementor-element elementor-element-dc41bfd e-con-full elementor-hidden-desktop elementor-hidden-tablet e-flex e-con e-child\" data-id=\"dc41bfd\" data-element_type=\"container\">\n\t\t\t\t<div class=\"elementor-element elementor-element-d32b88d elementor-widget elementor-widget-image\" data-id=\"d32b88d\" data-element_type=\"widget\" data-widget_type=\"image.default\">\n\t\t\t\t<div class=\"elementor-widget-container\">\n\t\t\t\t\t\t\t\t\t\t\t\t\t\t\t<img decoding=\"async\" src=\"https:\/\/organicbeeflamb.eu\/wp-content\/uploads\/2024\/09\/organic_beef_icon_2.svg\" class=\"attachment-full size-full wp-image-408\" alt=\"\" \/>\t\t\t\t\t\t\t\t\t\t\t\t\t\t\t<\/div>\n\t\t\t\t<\/div>\n\t\t\t\t<div class=\"elementor-element elementor-element-cd42358 elementor-widget__width-initial elementor-widget elementor-widget-text-editor\" data-id=\"cd42358\" data-element_type=\"widget\" data-widget_type=\"text-editor.default\">\n\t\t\t\t<div class=\"elementor-widget-container\">\n\t\t\t\t\t\t\t\t\t<ul><li>Rutinm\u00e4ssig anv\u00e4ndning av antibiotika \u00e4r inte till\u00e5ten.<\/li><\/ul>\t\t\t\t\t\t\t\t<\/div>\n\t\t\t\t<\/div>\n\t\t\t\t<\/div>\n\t\t<div class=\"elementor-element elementor-element-a43166d e-con-full e-flex e-con e-child\" data-id=\"a43166d\" data-element_type=\"container\">\n\t\t\t\t<div class=\"elementor-element elementor-element-69bef77 elementor-widget elementor-widget-image\" data-id=\"69bef77\" data-element_type=\"widget\" data-widget_type=\"image.default\">\n\t\t\t\t<div class=\"elementor-widget-container\">\n\t\t\t\t\t\t\t\t\t\t\t\t\t\t\t<img decoding=\"async\" src=\"https:\/\/organicbeeflamb.eu\/wp-content\/uploads\/2024\/09\/organic_beef_icon_4.svg\" class=\"attachment-full size-full wp-image-418\" alt=\"\" \/>\t\t\t\t\t\t\t\t\t\t\t\t\t\t\t<\/div>\n\t\t\t\t<\/div>\n\t\t\t\t<div class=\"elementor-element elementor-element-a84700c elementor-widget__width-initial elementor-widget elementor-widget-text-editor\" data-id=\"a84700c\" data-element_type=\"widget\" data-widget_type=\"text-editor.default\">\n\t\t\t\t<div class=\"elementor-widget-container\">\n\t\t\t\t\t\t\t\t\t<ul><li>Inga syntetiska g\u00f6dningsmedel och bek\u00e4mpningsmedel anv\u00e4nds.<\/li><\/ul>\t\t\t\t\t\t\t\t<\/div>\n\t\t\t\t<\/div>\n\t\t\t\t<\/div>\n\t\t\t\t\t<\/div>\n\t\t\t\t<\/div>\n\t\t<div class=\"elementor-element elementor-element-00afab5 e-flex e-con-boxed e-con e-parent\" data-id=\"00afab5\" data-element_type=\"container\">\n\t\t\t\t\t<div class=\"e-con-inner\">\n\t\t<div class=\"elementor-element elementor-element-2057964 e-con-full e-flex e-con e-child\" data-id=\"2057964\" data-element_type=\"container\">\n\t\t\t\t<div class=\"elementor-element elementor-element-03bfc38 elementor-widget elementor-widget-heading\" data-id=\"03bfc38\" data-element_type=\"widget\" data-widget_type=\"heading.default\">\n\t\t\t\t<div class=\"elementor-widget-container\">\n\t\t\t\t\t<h2 class=\"elementor-heading-title elementor-size-default\">Ekologisk lammproduktion i EU: h\u00e5llbara jordbruksmetoder och djurv\u00e4lf\u00e4rd\n<\/h2>\t\t\t\t<\/div>\n\t\t\t\t<\/div>\n\t\t\t\t<div class=\"elementor-element elementor-element-98e6f4f elementor-widget elementor-widget-text-editor\" data-id=\"98e6f4f\" data-element_type=\"widget\" data-widget_type=\"text-editor.default\">\n\t\t\t\t<div class=\"elementor-widget-container\">\n\t\t\t\t\t\t\t\t\t<p><span style=\"font-weight: 400;\">Europeisk produktion av ekologiskt lammk\u00f6tt involverar ett f\u00e5rh\u00e5llningssystem som kr\u00e4ver till\u00e4mpning av noggranna jordbruksmetoder f\u00f6r att f\u00f6rhindra skador p\u00e5 milj\u00f6n och prioritera <strong>djurens v\u00e4lbefinnande.<\/strong> Att bygga upp och uppr\u00e4tth\u00e5lla jordh\u00e4lsan samt f\u00f6rebyggande av sjukdomar inom flocken \u00e4r ocks\u00e5 viktiga aspekter av <strong>ekologisk lammproduktion.<\/strong><\/span><\/p>\t\t\t\t\t\t\t\t<\/div>\n\t\t\t\t<\/div>\n\t\t\t\t<\/div>\n\t\t<div class=\"elementor-element elementor-element-dcc98c0 e-con-full elementor-hidden-mobile e-flex e-con e-child\" data-id=\"dcc98c0\" data-element_type=\"container\">\n\t\t\t\t<\/div>\n\t\t\t\t\t<\/div>\n\t\t\t\t<\/div>\n\t\t<div class=\"elementor-element elementor-element-e97f49c e-flex e-con-boxed e-con e-parent\" data-id=\"e97f49c\" data-element_type=\"container\">\n\t\t\t\t\t<div class=\"e-con-inner\">\n\t\t\t\t<div class=\"elementor-element elementor-element-662e223 elementor-widget__width-inherit elementor-widget elementor-widget-shortcode\" data-id=\"662e223\" data-element_type=\"widget\" data-widget_type=\"shortcode.default\">\n\t\t\t\t<div class=\"elementor-widget-container\">\n\t\t\t\t\t\t\t<div class=\"elementor-shortcode\"><div id=\"acordeon-container-69f0c5fce1d21\" class=\"acordeon-container acordeon-layout-1\"><div class=\"acordeon-items\">\n\n<div class=\"acordeon-item\"><button id=\"tab-acordeon-69f0c5fce1da7\" class=\"acordeon-trigger\" aria-expanded=\"false\" aria-controls=\"panel-acordeon-69f0c5fce1da7\"><span class=\"titulo\">Djurv\u00e4lf\u00e4rd<\/span><span class=\"icon\" aria-hidden=\"true\">+<\/span><\/button><div id=\"panel-acordeon-69f0c5fce1da7\" class=\"acordeon-panel\" role=\"region\" aria-labelledby=\"tab-acordeon-69f0c5fce1da7\" hidden><div class=\"acordeon-content\">Eftersom ekologisk f\u00e5rh\u00e5llning inte kan f\u00f6rlita sig p\u00e5 externa eller syntetiska insatser som konstg\u00f6dsel, bek\u00e4mpningsmedel och rutinm\u00e4ssiga antibiotika, kr\u00e4vs mer tid f\u00f6r planering och f\u00f6r att vara i samklang med marken, djurens h\u00e4lsa och jordens b\u00f6rdighet. F\u00e5ren har gott om utrymme, och i Irland kan de str\u00f6va fritt och beta p\u00e5 betesmarkerna under st\u00f6rre delen av \u00e5ret.\n<\/div><\/div><\/div>\n<div class=\"acordeon-item\"><button id=\"tab-acordeon-69f0c5fce1dd3\" class=\"acordeon-trigger\" aria-expanded=\"false\" aria-controls=\"panel-acordeon-69f0c5fce1dd3\"><span class=\"titulo\">Jordb\u00f6rdighet<\/span><span class=\"icon\" aria-hidden=\"true\">+<\/span><\/button><div id=\"panel-acordeon-69f0c5fce1dd3\" class=\"acordeon-panel\" role=\"region\" aria-labelledby=\"tab-acordeon-69f0c5fce1dd3\" hidden><div class=\"acordeon-content\">Lammens och f\u00e5rens kost best\u00e5r fr\u00e4mst av gr\u00e4s, men allt annat foder som ges m\u00e5ste komma fr\u00e5n ekologiska k\u00e4llor. F\u00f6r att s\u00e4kerst\u00e4lla att f\u00e5ren och lammen har tillr\u00e4ckligt med foder \u00e5ret runt driver m\u00e5nga ekologiska f\u00e5rb\u00f6nder en blandad verksamhet och odlar sina egna gr\u00f6dor som de anv\u00e4nder f\u00f6r att f\u00f6da f\u00e5ren och lammen n\u00e4r gr\u00e4set \u00e4r bristf\u00e4lligt under vinterm\u00e5naderna.\n<\/div><\/div><\/div>\n<div class=\"acordeon-item\"><button id=\"tab-acordeon-69f0c5fce1e02\" class=\"acordeon-trigger\" aria-expanded=\"false\" aria-controls=\"panel-acordeon-69f0c5fce1e02\"><span class=\"titulo\">Djursk\u00f6tsel<\/span><span class=\"icon\" aria-hidden=\"true\">+<\/span><\/button><div id=\"panel-acordeon-69f0c5fce1e02\" class=\"acordeon-panel\" role=\"region\" aria-labelledby=\"tab-acordeon-69f0c5fce1e02\" hidden><div class=\"acordeon-content\">I Irland kan f\u00e5ren h\u00e5llas utomhus \u00e5ret runt, men under lamningsperioden v\u00e4ljer vissa b\u00f6nder att h\u00e5lla sina f\u00e5r inomhus, d\u00e4r tackorna har gott om utrymme att ligga ner och tillr\u00e4ckligt med ekologiskt foder i form av ensilage (konserverat gr\u00e4s) och andra ekologiska gr\u00f6dor som havre och \u00e4rtor.\n<\/div><\/div><\/div>\n<\/div><\/div><script>\n        document.addEventListener(\"DOMContentLoaded\", function() {\n            const acordeon = document.getElementById(\"acordeon-container-69f0c5fce1d21\");\n            const triggers = acordeon.querySelectorAll(\".acordeon-trigger\");\n            \n            triggers.forEach(trigger => {\n                trigger.addEventListener(\"click\", function() {\n                    const expanded = this.getAttribute(\"aria-expanded\") === \"true\";\n                    \n                    \/\/ Cerrar todos los paneles\n                    triggers.forEach(t => {\n                        t.setAttribute(\"aria-expanded\", \"false\");\n                        const panel = document.getElementById(t.getAttribute(\"aria-controls\"));\n                        panel.hidden = true;\n\t\t\t\t\t\tt.querySelector(\".icon\").textContent = \"+\";\n                    });\n                    \n                    \/\/ Si no estaba expandido, abrir este panel\n                    if (!expanded) {\n                        this.setAttribute(\"aria-expanded\", \"true\");\n                        const panel = document.getElementById(this.getAttribute(\"aria-controls\"));\n                        panel.hidden = false;\n\t\t\t\t\t\tthis.querySelector(\".icon\").textContent = \"-\";\n                    }\n                });\n            });\n        });\n    <\/script><style>\n        .acordeon-container {\n            margin: 1em 0;\n            width: 100%;\n\t\t\tpadding: 0;\n        }\n        \n        .acordeon-titulo {\n            margin-bottom: 1em;\n        }\n        \n        .acordeon-items {\n            display: flex;\n            flex-wrap: wrap;\n            gap: 1.5em;\n        }\n        .acordeon-content {\n\t\t\tfont-size: 20px;\n\t\t}\n\t\t\n        \/* Layout 1: Dos columnas y uno centrado abajo *\/\n        .acordeon-layout-1 .acordeon-item:nth-child(1),\n        .acordeon-layout-1 .acordeon-item:nth-child(2) {\n            width: calc(50% - 0.75em);\n        }\n        \n        .acordeon-layout-1 .acordeon-item:nth-child(3) {\n\t\t\twidth: 49%;\n\t\t\tmargin: auto;\n\t\t}\n        \n        \/* Layout 2: Dos columnas *\/\n        .acordeon-layout-2 .acordeon-item {\n            width: calc(50% - 0.75em);\n        }\n        \n        \/* Layout 3: Una columna *\/\n        .acordeon-layout-3 .acordeon-item {\n            width: 100%;\n        }\n        \n        .acordeon-trigger {\n            display: flex;\n            justify-content: space-between;\n            align-items: center;\n            width: 100%;\n            padding: 35px 60px 35px 60px !important;\n            background-color: #FFF !important;\n            border: 1px solid #345B60 !important;\n            border-radius: 0px !important;\n            text-align: left !important;\n            cursor: pointer;\n            transition: background-color 0.3s !important;\n\t\t\tcolor: #595959 !important;\n\t\t\tfont-size: 24px !important;\n\t\t\tfont-weight: 700 !important;\n\t\t\tfont-family: \"BordBiaSans-Regular\" !important;\n\t\t}\n        \n        .acordeon-trigger:hover,\n        .acordeon-trigger:focus {\n            color: #2A8436 !important;\n\t\t\tbackground-color: #FFFFFF;\n        }\n        \n        .acordeon-trigger[aria-expanded=\"true\"] {\n            color: #2A8436 !important;\n\t\t\tbackground-color: #FFFFFF;\n        }\n        \n        .acordeon-trigger .icon {\n\t\t\tdisplay: flex;\n\t\t\tjustify-content: center;\n\t\t\talign-items: center;\n\t\t\twidth: 20px;\n\t\t\theight: 20px;\n\t\t\tfont-size: 35px;\n\t\t\tfont-weight: bold;\n\t\t\tline-height: 1;\n\t\t}\n\t\t\n\t\t\/* Soluci\u00f3n para t\u00edtulos largos *\/\n\t\t.acordeon-trigger .titulo {\n\t\t\tdisplay: block;\n\t\t\t\/* max-width: calc(100% - 70px); Mucho m\u00e1s espacio para el icono *\/\n\t\t\tword-wrap: break-word;\n\t\t\twhite-space: normal;\n\t\t\tflex: 1;\n\t\t\tpadding-right: 30px;\n\t\t}\n\t\t\n\t\t\/* Posicionamiento del icono para evitar cualquier superposici\u00f3n *\/\n\t\t.acordeon-trigger {\n\t\t\tposition: relative;\n\t\t}\n\t\t\n\t\t.acordeon-trigger .icon {\n\t\t\tposition: absolute;\n\t\t\tright: 70px;\n\t\t\ttop: 50%;\n\t\t\ttransform: translateY(-50%);\n\t\t}\n        \n        .acordeon-panel {\n            padding: 15px 60px;\n            background-color: #fff;\n            border: 1px solid #345B60;\n            border-top: none;\n        }\n\t\t@media (max-width:798px)\n\t\t{\n\t\t.acordeon-items {\n\t\t\tdisplay: flex;\n\t\t\tflex-wrap: nowrap;\n\t\t\tgap: 1.5em;\n\t\t\tflex-direction: column;\n\t\t}\n\t\t.acordeon-layout-1 .acordeon-item:nth-child(1), .acordeon-layout-1 .acordeon-item:nth-child(2), .acordeon-layout-1 .acordeon-item:nth-child(3), .acordeon-layout-2 .acordeon-item {\n\t\t\twidth: 100%;\n\t\t}\n\t\t.acordeon-trigger {\n\t\t\twidth: 100%;\n\t\t\tpadding: 20px 20px 20px 20px !important;\n\t\t\tfont-size: 24px !important;\n\t\t}\n\t\t.acordeon-trigger .icon {\n\t\t\tposition: absolute;\n\t\t\tright: 14px;\n\t\t\ttop: 50%;\n\t\t\ttransform: translateY(-50%);\n\t\t}\n\t\t}\n    <\/style><\/div>\n\t\t\t\t\t\t<\/div>\n\t\t\t\t<\/div>\n\t\t\t\t\t<\/div>\n\t\t\t\t<\/div>\n\t\t<div class=\"elementor-element elementor-element-8acd020 e-flex e-con-boxed e-con e-parent\" data-id=\"8acd020\" data-element_type=\"container\">\n\t\t\t\t\t<div class=\"e-con-inner\">\n\t\t\t\t<div class=\"elementor-element elementor-element-743d396 elementor-widget elementor-widget-heading\" data-id=\"743d396\" data-element_type=\"widget\" data-widget_type=\"heading.default\">\n\t\t\t\t<div class=\"elementor-widget-container\">\n\t\t\t\t\t<h2 class=\"elementor-heading-title elementor-size-default\">Vill du veta <br>\nmer?<\/h2>\t\t\t\t<\/div>\n\t\t\t\t<\/div>\n\t\t<div class=\"elementor-element elementor-element-7854b30 e-con-full animated-slow e-flex elementor-invisible e-con e-child\" data-id=\"7854b30\" data-element_type=\"container\" data-settings=\"{&quot;background_background&quot;:&quot;classic&quot;,&quot;animation&quot;:&quot;slideInUp&quot;}\">\n\t\t<div class=\"elementor-element elementor-element-3d59326 e-con-full e-flex e-con e-child\" data-id=\"3d59326\" data-element_type=\"container\" data-settings=\"{&quot;background_background&quot;:&quot;classic&quot;}\">\n\t\t\t\t<\/div>\n\t\t<div class=\"elementor-element elementor-element-5af3456 e-con-full e-flex e-con e-child\" data-id=\"5af3456\" data-element_type=\"container\">\n\t\t\t\t<div class=\"elementor-element elementor-element-71ae83f elementor-widget elementor-widget-heading\" data-id=\"71ae83f\" data-element_type=\"widget\" data-widget_type=\"heading.default\">\n\t\t\t\t<div class=\"elementor-widget-container\">\n\t\t\t\t\t<p class=\"elementor-heading-title elementor-size-default\">Familjejordbruk<\/p>\t\t\t\t<\/div>\n\t\t\t\t<\/div>\n\t\t\t\t<div class=\"elementor-element elementor-element-d8304be elementor-widget elementor-widget-text-editor\" data-id=\"d8304be\" data-element_type=\"widget\" data-widget_type=\"text-editor.default\">\n\t\t\t\t<div class=\"elementor-widget-container\">\n\t\t\t\t\t\t\t\t\t<p><span style=\"font-weight: 400;\">Uppt\u00e4ck vikten av generationsjordbruk i Europa och Irland.<\/span><\/p>\t\t\t\t\t\t\t\t<\/div>\n\t\t\t\t<\/div>\n\t\t\t\t<div class=\"elementor-element elementor-element-4f97c1c elementor-align-center elementor-hidden-mobile elementor-widget elementor-widget-button\" data-id=\"4f97c1c\" data-element_type=\"widget\" data-widget_type=\"button.default\">\n\t\t\t\t<div class=\"elementor-widget-container\">\n\t\t\t\t\t\t\t\t\t<div class=\"elementor-button-wrapper\">\n\t\t\t\t\t<a class=\"elementor-button elementor-button-link elementor-size-sm\" href=\"\/sv\/ekologiskt-lamm\/familjejordbruk\/\" aria-label=\"L\u00e4s mer Familjejordbruk\">\n\t\t\t\t\t\t<span class=\"elementor-button-content-wrapper\">\n\t\t\t\t\t\t\t\t\t<span class=\"elementor-button-text\">Utforska <span class=\"visually-hidden\">Familjejordbruk<\/span><\/span>\n\t\t\t\t\t<\/span>\n\t\t\t\t\t<\/a>\n\t\t\t\t<\/div>\n\t\t\t\t\t\t\t\t<\/div>\n\t\t\t\t<\/div>\n\t\t\t\t<div class=\"elementor-element elementor-element-b2a00fc elementor-align-center elementor-hidden-desktop elementor-hidden-tablet elementor-widget elementor-widget-button\" data-id=\"b2a00fc\" data-element_type=\"widget\" data-widget_type=\"button.default\">\n\t\t\t\t<div class=\"elementor-widget-container\">\n\t\t\t\t\t\t\t\t\t<div class=\"elementor-button-wrapper\">\n\t\t\t\t\t<a class=\"elementor-button elementor-button-link elementor-size-sm\" href=\"\/sv\/ekologiskt-lamm\/familjejordbruk\/\" aria-label=\"L\u00e4s mer Familjejordbruk\">\n\t\t\t\t\t\t<span class=\"elementor-button-content-wrapper\">\n\t\t\t\t\t\t<span class=\"elementor-button-icon\">\n\t\t\t\t<svg aria-hidden=\"true\" class=\"e-font-icon-svg e-fas-arrow-right\" viewBox=\"0 0 448 512\" xmlns=\"http:\/\/www.w3.org\/2000\/svg\"><path d=\"M190.5 66.9l22.2-22.2c9.4-9.4 24.6-9.4 33.9 0L441 239c9.4 9.4 9.4 24.6 0 33.9L246.6 467.3c-9.4 9.4-24.6 9.4-33.9 0l-22.2-22.2c-9.5-9.5-9.3-25 .4-34.3L311.4 296H24c-13.3 0-24-10.7-24-24v-32c0-13.3 10.7-24 24-24h287.4L190.9 101.2c-9.8-9.3-10-24.8-.4-34.3z\"><\/path><\/svg>\t\t\t<\/span>\n\t\t\t\t\t\t\t\t<\/span>\n\t\t\t\t\t<\/a>\n\t\t\t\t<\/div>\n\t\t\t\t\t\t\t\t<\/div>\n\t\t\t\t<\/div>\n\t\t\t\t<\/div>\n\t\t\t\t<\/div>\n\t\t\t\t\t<\/div>\n\t\t\t\t<\/div>\n\t\t\t\t<\/div>\n\t\t","protected":false},"excerpt":{"rendered":"<p>Ekologiskt Lamm Europeiskt ekologiskt lammk\u00f6tt erbjuder en unik kombination av h\u00e4lsof\u00f6rdelar, \u00f6verl\u00e4gsen smak och h\u00e5llbara produktionsmetoder. Med sin v\u00e4xande popularitet och starka n\u00e4rvaro p\u00e5 b\u00e5de inhemska och internationella marknader \u00e4r ekologiskt lammk\u00f6tt fr\u00e5n Irland det perfekta valet f\u00f6r dem som s\u00f6ker h\u00f6gkvalitativt och v\u00e4lsmakande k\u00f6tt. Vad g\u00f6r lammk\u00f6tt ekologiskt? Viktiga f\u00f6rdelar med ekologiskt lammk\u00f6tt En [&hellip;]<\/p>\n","protected":false},"author":1,"featured_media":0,"parent":0,"menu_order":0,"comment_status":"closed","ping_status":"closed","template":"","meta":{"footnotes":""},"class_list":["post-2037","page","type-page","status-publish","hentry"],"_links":{"self":[{"href":"https:\/\/organicbeeflamb.eu\/sv\/wp-json\/wp\/v2\/pages\/2037","targetHints":{"allow":["GET"]}}],"collection":[{"href":"https:\/\/organicbeeflamb.eu\/sv\/wp-json\/wp\/v2\/pages"}],"about":[{"href":"https:\/\/organicbeeflamb.eu\/sv\/wp-json\/wp\/v2\/types\/page"}],"author":[{"embeddable":true,"href":"https:\/\/organicbeeflamb.eu\/sv\/wp-json\/wp\/v2\/users\/1"}],"replies":[{"embeddable":true,"href":"https:\/\/organicbeeflamb.eu\/sv\/wp-json\/wp\/v2\/comments?post=2037"}],"version-history":[{"count":37,"href":"https:\/\/organicbeeflamb.eu\/sv\/wp-json\/wp\/v2\/pages\/2037\/revisions"}],"predecessor-version":[{"id":7043,"href":"https:\/\/organicbeeflamb.eu\/sv\/wp-json\/wp\/v2\/pages\/2037\/revisions\/7043"}],"wp:attachment":[{"href":"https:\/\/organicbeeflamb.eu\/sv\/wp-json\/wp\/v2\/media?parent=2037"}],"curies":[{"name":"wp","href":"https:\/\/api.w.org\/{rel}","templated":true}]}}