{"id":2045,"date":"2024-09-08T16:37:01","date_gmt":"2024-09-08T16:37:01","guid":{"rendered":"https:\/\/organicbeeflamb.eu\/ekologiskt-lamm\/family-farming\/"},"modified":"2025-06-02T15:02:16","modified_gmt":"2025-06-02T15:02:16","slug":"familjejordbruk","status":"publish","type":"page","link":"https:\/\/organicbeeflamb.eu\/sv\/ekologiskt-lamm\/familjejordbruk\/","title":{"rendered":"Familjejordbruk"},"content":{"rendered":"\t\t<div data-elementor-type=\"wp-page\" data-elementor-id=\"2045\" class=\"elementor elementor-2045 elementor-58\" data-elementor-post-type=\"page\">\n\t\t\t\t<div class=\"elementor-element elementor-element-bbd2c04 e-flex e-con-boxed e-con e-parent\" data-id=\"bbd2c04\" data-element_type=\"container\" data-settings=\"{&quot;background_background&quot;:&quot;classic&quot;}\">\n\t\t\t\t\t<div class=\"e-con-inner\">\n\t\t\t\t<div class=\"elementor-element elementor-element-0a88fc0 elementor-widget elementor-widget-heading\" data-id=\"0a88fc0\" data-element_type=\"widget\" data-widget_type=\"heading.default\">\n\t\t\t\t<div class=\"elementor-widget-container\">\n\t\t\t\t\t<h1 class=\"elementor-heading-title elementor-size-default\">Familjejordbruk<\/h1>\t\t\t\t<\/div>\n\t\t\t\t<\/div>\n\t\t\t\t<div class=\"elementor-element elementor-element-bab4da1 elementor-widget elementor-widget-image\" data-id=\"bab4da1\" data-element_type=\"widget\" data-widget_type=\"image.default\">\n\t\t\t\t<div class=\"elementor-widget-container\">\n\t\t\t\t\t\t\t\t\t\t\t\t\t\t\t<img decoding=\"async\" width=\"146\" height=\"197\" src=\"https:\/\/organicbeeflamb.eu\/wp-content\/uploads\/2024\/09\/logo-Enjoy.svg\" class=\"attachment-full size-full wp-image-125\" alt=\"Enjoy it&#039;s from Europe\" \/>\t\t\t\t\t\t\t\t\t\t\t\t\t\t\t<\/div>\n\t\t\t\t<\/div>\n\t\t\t\t\t<\/div>\n\t\t\t\t<\/div>\n\t\t<div class=\"elementor-element elementor-element-2bd8927 elementor-hidden-mobile e-flex e-con-boxed e-con e-parent\" data-id=\"2bd8927\" data-element_type=\"container\">\n\t\t\t\t\t<div class=\"e-con-inner\">\n\t\t<div class=\"elementor-element elementor-element-aa9b113 e-con-full e-flex e-con e-child\" data-id=\"aa9b113\" data-element_type=\"container\">\n\t\t\t\t<div class=\"elementor-element elementor-element-7838ddf elementor-widget elementor-widget-heading\" data-id=\"7838ddf\" data-element_type=\"widget\" data-widget_type=\"heading.default\">\n\t\t\t\t<div class=\"elementor-widget-container\">\n\t\t\t\t\t<h2 class=\"elementor-heading-title elementor-size-default\">Vikten av ekologiska generationsjordbruk i Europa och Irland <\/h2>\t\t\t\t<\/div>\n\t\t\t\t<\/div>\n\t\t\t\t<div class=\"elementor-element elementor-element-6a7dbf7 elementor-widget elementor-widget-text-editor\" data-id=\"6a7dbf7\" data-element_type=\"widget\" data-widget_type=\"text-editor.default\">\n\t\t\t\t<div class=\"elementor-widget-container\">\n\t\t\t\t\t\t\t\t\t<p><span style=\"font-weight: 400;\">Familje- och generationsjordbruk har varit centralt f\u00f6r Europas kultur och arv. \u00d6verf\u00f6ringen av jordbrukskunskap och f\u00e4rdigheter, kombinerat med de strikta \u00e5tg\u00e4rderna f\u00f6r produktion av ekologisk mat, g\u00f6r det m\u00f6jligt f\u00f6r EU att vara en ledande k\u00e4lla till ekologiskt n\u00f6tk\u00f6tt och lamm. I Irland \u00e4r jordbruket fortfarande djupt rotat i kulturen och st\u00f6der landsbygdsekonomierna.<\/span><\/p><p><span style=\"font-weight: 400;\"> Den genomsnittliga hjordstorleken \u00e4r 66 n\u00f6tkreatur och 133 f\u00e5r.<\/span><\/p><p><span style=\"font-weight: 400;\"> Inom ekologiskt jordbruk kr\u00e4vs en l\u00e5g djurt\u00e4thet, vilket g\u00f6r detta system idealiskt f\u00f6r att st\u00f6dja modellen med sm\u00e5 familjejordbruk.<\/span><\/p>\t\t\t\t\t\t\t\t<\/div>\n\t\t\t\t<\/div>\n\t\t\t\t<div class=\"elementor-element elementor-element-37b6764 elementor-widget elementor-widget-heading\" data-id=\"37b6764\" data-element_type=\"widget\" data-widget_type=\"heading.default\">\n\t\t\t\t<div class=\"elementor-widget-container\">\n\t\t\t\t\t<h2 class=\"elementor-heading-title elementor-size-default\">Familjejordbrukets nyckelroll i landsbygdsutveckling och h\u00e5llbarhet<\/h2>\t\t\t\t<\/div>\n\t\t\t\t<\/div>\n\t\t\t\t<div class=\"elementor-element elementor-element-1c625a8 elementor-widget elementor-widget-text-editor\" data-id=\"1c625a8\" data-element_type=\"widget\" data-widget_type=\"text-editor.default\">\n\t\t\t\t<div class=\"elementor-widget-container\">\n\t\t\t\t\t\t\t\t\t<p><span style=\"font-weight: 400;\">Familjejordbruk g\u00f6r landsbygdsekonomier<\/span><b> mer konkurrenskraftiga och h\u00e5llbara, <\/b><span style=\"font-weight: 400;\">s\u00e4kerst\u00e4ller <\/span><b>livsmedelss\u00e4kerhet<\/b><span style=\"font-weight: 400;\">, f\u00f6rb\u00e4ttrar f\u00f6rs\u00f6rjningsm\u00f6jligheter och skyddar <\/span><b>milj\u00f6n<\/b><span style=\"font-weight: 400;\">.<\/span><\/p><p><span style=\"font-weight: 400;\">Erk\u00e4nt av FN som avg\u00f6rande f\u00f6r att uppn\u00e5 m\u00e5let att utrota hunger, en motst\u00e5ndskraftig planet och h\u00e5llbar utveckling.<\/span><\/p>\t\t\t\t\t\t\t\t<\/div>\n\t\t\t\t<\/div>\n\t\t\t\t<div class=\"elementor-element elementor-element-f7d9dbb elementor-widget elementor-widget-heading\" data-id=\"f7d9dbb\" data-element_type=\"widget\" data-widget_type=\"heading.default\">\n\t\t\t\t<div class=\"elementor-widget-container\">\n\t\t\t\t\t<h2 class=\"elementor-heading-title elementor-size-default\">F\u00f6rdelarna med ekologiskt jordbruk p\u00e5 familje\u00e4gda g\u00e5rdar <\/h2>\t\t\t\t<\/div>\n\t\t\t\t<\/div>\n\t\t\t\t<div class=\"elementor-element elementor-element-b35266b elementor-widget elementor-widget-text-editor\" data-id=\"b35266b\" data-element_type=\"widget\" data-widget_type=\"text-editor.default\">\n\t\t\t\t<div class=\"elementor-widget-container\">\n\t\t\t\t\t\t\t\t\t<p><span style=\"font-weight: 400;\">Att anta innovativa metoder inom ekologiskt jordbruk g\u00f6r g\u00e5rdarna mer livskraftiga och lockar n\u00e4sta generation att f\u00f6ra familjejordbrukets tradition vidare. <\/span><\/p>\t\t\t\t\t\t\t\t<\/div>\n\t\t\t\t<\/div>\n\t\t\t\t<\/div>\n\t\t<div class=\"elementor-element elementor-element-9117a78 e-con-full e-flex e-con e-child\" data-id=\"9117a78\" data-element_type=\"container\">\n\t\t\t\t<div class=\"elementor-element elementor-element-07db527 animated-slow elementor-invisible elementor-widget elementor-widget-image\" data-id=\"07db527\" data-element_type=\"widget\" data-settings=\"{&quot;_animation&quot;:&quot;slideInRight&quot;}\" data-widget_type=\"image.default\">\n\t\t\t\t<div class=\"elementor-widget-container\">\n\t\t\t\t\t\t\t\t\t\t\t\t\t\t\t<img fetchpriority=\"high\" decoding=\"async\" width=\"652\" height=\"752\" src=\"https:\/\/organicbeeflamb.eu\/wp-content\/uploads\/2025\/05\/ekologiskt-familjejordbruk.webp\" class=\"attachment-full size-full wp-image-4626\" alt=\"Ekologiskt familjejordbruk i Irland som g\u00e5r genom gr\u00f6na f\u00e4lt\" srcset=\"https:\/\/organicbeeflamb.eu\/wp-content\/uploads\/2025\/05\/ekologiskt-familjejordbruk.webp 652w, https:\/\/organicbeeflamb.eu\/wp-content\/uploads\/2025\/05\/ekologiskt-familjejordbruk-260x300.webp 260w\" sizes=\"(max-width: 652px) 100vw, 652px\" \/>\t\t\t\t\t\t\t\t\t\t\t\t\t\t\t<\/div>\n\t\t\t\t<\/div>\n\t\t\t\t<div class=\"elementor-element elementor-element-3900af5 animated-slow elementor-invisible elementor-widget elementor-widget-image\" data-id=\"3900af5\" data-element_type=\"widget\" data-settings=\"{&quot;_animation&quot;:&quot;slideInUp&quot;}\" data-widget_type=\"image.default\">\n\t\t\t\t<div class=\"elementor-widget-container\">\n\t\t\t\t\t\t\t\t\t\t\t\t\t\t\t<img decoding=\"async\" width=\"769\" height=\"885\" src=\"https:\/\/organicbeeflamb.eu\/wp-content\/uploads\/2025\/05\/irlandsk-ekologiskt-lamm-far.webp\" class=\"attachment-full size-full wp-image-4753\" alt=\"Ekologiskt lamm: N\u00e4rbild p\u00e5 ett irl\u00e4ndskt f\u00e5r som betar p\u00e5 ekologiska betesmarker\" srcset=\"https:\/\/organicbeeflamb.eu\/wp-content\/uploads\/2025\/05\/irlandsk-ekologiskt-lamm-far.webp 769w, https:\/\/organicbeeflamb.eu\/wp-content\/uploads\/2025\/05\/irlandsk-ekologiskt-lamm-far-261x300.webp 261w\" sizes=\"(max-width: 769px) 100vw, 769px\" \/>\t\t\t\t\t\t\t\t\t\t\t\t\t\t\t<\/div>\n\t\t\t\t<\/div>\n\t\t\t\t<\/div>\n\t\t\t\t\t<\/div>\n\t\t\t\t<\/div>\n\t\t<div class=\"elementor-element elementor-element-e34f530 elementor-hidden-desktop elementor-hidden-tablet e-flex e-con-boxed e-con e-parent\" data-id=\"e34f530\" data-element_type=\"container\">\n\t\t\t\t\t<div class=\"e-con-inner\">\n\t\t<div class=\"elementor-element elementor-element-fef4680 e-con-full e-flex e-con e-child\" data-id=\"fef4680\" data-element_type=\"container\">\n\t\t\t\t<div class=\"elementor-element elementor-element-9037871 elementor-widget elementor-widget-heading\" data-id=\"9037871\" data-element_type=\"widget\" data-widget_type=\"heading.default\">\n\t\t\t\t<div class=\"elementor-widget-container\">\n\t\t\t\t\t<h2 class=\"elementor-heading-title elementor-size-default\">Vikten av ekologiska generationsjordbruk i Europa och Irland \n<\/h2>\t\t\t\t<\/div>\n\t\t\t\t<\/div>\n\t\t\t\t<div class=\"elementor-element elementor-element-6e7ef60 elementor-widget elementor-widget-text-editor\" data-id=\"6e7ef60\" data-element_type=\"widget\" data-widget_type=\"text-editor.default\">\n\t\t\t\t<div class=\"elementor-widget-container\">\n\t\t\t\t\t\t\t\t\t<p><span style=\"font-weight: 400;\">Familje- och generationsjordbruk har varit centralt f\u00f6r Europas kultur och arv. \u00d6verf\u00f6ringen av jordbrukskunskap och f\u00e4rdigheter, kombinerat med de strikta \u00e5tg\u00e4rderna f\u00f6r produktion av ekologisk mat, g\u00f6r det m\u00f6jligt f\u00f6r EU att vara en ledande k\u00e4lla till ekologiskt n\u00f6tk\u00f6tt och lamm. I Irland \u00e4r jordbruket fortfarande djupt rotat i kulturen och st\u00f6der landsbygdsekonomierna. Den genomsnittliga hjordstorleken \u00e4r 66 n\u00f6tkreatur och 133 f\u00e5r. Inom ekologiskt jordbruk kr\u00e4vs en l\u00e5g djurt\u00e4thet, vilket g\u00f6r detta system idealiskt f\u00f6r att st\u00f6dja modellen med sm\u00e5 familjejordbruk.<\/span><\/p>\t\t\t\t\t\t\t\t<\/div>\n\t\t\t\t<\/div>\n\t\t\t\t<div class=\"elementor-element elementor-element-7207051 animated-slow elementor-hidden-desktop elementor-hidden-tablet elementor-invisible elementor-widget elementor-widget-image\" data-id=\"7207051\" data-element_type=\"widget\" data-settings=\"{&quot;_animation&quot;:&quot;slideInRight&quot;}\" data-widget_type=\"image.default\">\n\t\t\t\t<div class=\"elementor-widget-container\">\n\t\t\t\t\t\t\t\t\t\t\t\t\t\t\t<img fetchpriority=\"high\" decoding=\"async\" width=\"652\" height=\"752\" src=\"https:\/\/organicbeeflamb.eu\/wp-content\/uploads\/2025\/05\/ekologiskt-familjejordbruk.webp\" class=\"attachment-full size-full wp-image-4626\" alt=\"Ekologiskt familjejordbruk i Irland som g\u00e5r genom gr\u00f6na f\u00e4lt\" srcset=\"https:\/\/organicbeeflamb.eu\/wp-content\/uploads\/2025\/05\/ekologiskt-familjejordbruk.webp 652w, https:\/\/organicbeeflamb.eu\/wp-content\/uploads\/2025\/05\/ekologiskt-familjejordbruk-260x300.webp 260w\" sizes=\"(max-width: 652px) 100vw, 652px\" \/>\t\t\t\t\t\t\t\t\t\t\t\t\t\t\t<\/div>\n\t\t\t\t<\/div>\n\t\t\t\t<div class=\"elementor-element elementor-element-5496769 animated-slow elementor-hidden-desktop elementor-hidden-tablet elementor-invisible elementor-widget elementor-widget-image\" data-id=\"5496769\" data-element_type=\"widget\" data-settings=\"{&quot;_animation&quot;:&quot;slideInUp&quot;}\" data-widget_type=\"image.default\">\n\t\t\t\t<div class=\"elementor-widget-container\">\n\t\t\t\t\t\t\t\t\t\t\t\t\t\t\t<img decoding=\"async\" width=\"769\" height=\"885\" src=\"https:\/\/organicbeeflamb.eu\/wp-content\/uploads\/2025\/05\/irlandsk-ekologiskt-lamm-far.webp\" class=\"attachment-full size-full wp-image-4753\" alt=\"Ekologiskt lamm: N\u00e4rbild p\u00e5 ett irl\u00e4ndskt f\u00e5r som betar p\u00e5 ekologiska betesmarker\" srcset=\"https:\/\/organicbeeflamb.eu\/wp-content\/uploads\/2025\/05\/irlandsk-ekologiskt-lamm-far.webp 769w, https:\/\/organicbeeflamb.eu\/wp-content\/uploads\/2025\/05\/irlandsk-ekologiskt-lamm-far-261x300.webp 261w\" sizes=\"(max-width: 769px) 100vw, 769px\" \/>\t\t\t\t\t\t\t\t\t\t\t\t\t\t\t<\/div>\n\t\t\t\t<\/div>\n\t\t\t\t<div class=\"elementor-element elementor-element-f5e9dba elementor-widget elementor-widget-heading\" data-id=\"f5e9dba\" data-element_type=\"widget\" data-widget_type=\"heading.default\">\n\t\t\t\t<div class=\"elementor-widget-container\">\n\t\t\t\t\t<h2 class=\"elementor-heading-title elementor-size-default\">Familjejordbrukets nyckelroll i landsbygdsutveckling och h\u00e5llbarhet<\/h2>\t\t\t\t<\/div>\n\t\t\t\t<\/div>\n\t\t\t\t<div class=\"elementor-element elementor-element-19acdb7 elementor-widget elementor-widget-text-editor\" data-id=\"19acdb7\" data-element_type=\"widget\" data-widget_type=\"text-editor.default\">\n\t\t\t\t<div class=\"elementor-widget-container\">\n\t\t\t\t\t\t\t\t\t<p><span style=\"font-weight: 400;\">Familjejordbruk g\u00f6r landsbygdsekonomier<\/span><b> mer konkurrenskraftiga och h\u00e5llbara, <\/b><span style=\"font-weight: 400;\">s\u00e4kerst\u00e4ller <\/span><b>livsmedelss\u00e4kerhet<\/b><span style=\"font-weight: 400;\">, f\u00f6rb\u00e4ttrar f\u00f6rs\u00f6rjningsm\u00f6jligheter och skyddar <\/span><b>milj\u00f6n<\/b><span style=\"font-weight: 400;\">.<\/span><\/p><p><span style=\"font-weight: 400;\">Erk\u00e4nt av FN som avg\u00f6rande f\u00f6r att uppn\u00e5 m\u00e5let att utrota hunger, en motst\u00e5ndskraftig planet och h\u00e5llbar utveckling.<\/span><\/p>\t\t\t\t\t\t\t\t<\/div>\n\t\t\t\t<\/div>\n\t\t\t\t<div class=\"elementor-element elementor-element-89678cc elementor-widget elementor-widget-heading\" data-id=\"89678cc\" data-element_type=\"widget\" data-widget_type=\"heading.default\">\n\t\t\t\t<div class=\"elementor-widget-container\">\n\t\t\t\t\t<h2 class=\"elementor-heading-title elementor-size-default\">F\u00f6rdelarna med ekologiskt jordbruk p\u00e5 familje\u00e4gda g\u00e5rdar<\/h2>\t\t\t\t<\/div>\n\t\t\t\t<\/div>\n\t\t\t\t<div class=\"elementor-element elementor-element-5a260d9 elementor-widget elementor-widget-text-editor\" data-id=\"5a260d9\" data-element_type=\"widget\" data-widget_type=\"text-editor.default\">\n\t\t\t\t<div class=\"elementor-widget-container\">\n\t\t\t\t\t\t\t\t\t<p><span style=\"font-weight: 400;\">Att anta innovativa metoder inom ekologiskt jordbruk g\u00f6r g\u00e5rdarna mer livskraftiga och lockar n\u00e4sta generation att f\u00f6ra familjejordbrukets tradition vidare.<\/span><\/p>\t\t\t\t\t\t\t\t<\/div>\n\t\t\t\t<\/div>\n\t\t\t\t<\/div>\n\t\t\t\t\t<\/div>\n\t\t\t\t<\/div>\n\t\t\t\t<\/div>\n\t\t","protected":false},"excerpt":{"rendered":"<p>Familjejordbruk Vikten av ekologiska generationsjordbruk i Europa och Irland Familje- och generationsjordbruk har varit centralt f\u00f6r Europas kultur och arv. \u00d6verf\u00f6ringen av jordbrukskunskap och f\u00e4rdigheter, kombinerat med de strikta \u00e5tg\u00e4rderna f\u00f6r produktion av ekologisk mat, g\u00f6r det m\u00f6jligt f\u00f6r EU att vara en ledande k\u00e4lla till ekologiskt n\u00f6tk\u00f6tt och lamm. I Irland \u00e4r jordbruket fortfarande [&hellip;]<\/p>\n","protected":false},"author":1,"featured_media":0,"parent":2037,"menu_order":0,"comment_status":"closed","ping_status":"closed","template":"","meta":{"footnotes":""},"class_list":["post-2045","page","type-page","status-publish","hentry"],"_links":{"self":[{"href":"https:\/\/organicbeeflamb.eu\/sv\/wp-json\/wp\/v2\/pages\/2045","targetHints":{"allow":["GET"]}}],"collection":[{"href":"https:\/\/organicbeeflamb.eu\/sv\/wp-json\/wp\/v2\/pages"}],"about":[{"href":"https:\/\/organicbeeflamb.eu\/sv\/wp-json\/wp\/v2\/types\/page"}],"author":[{"embeddable":true,"href":"https:\/\/organicbeeflamb.eu\/sv\/wp-json\/wp\/v2\/users\/1"}],"replies":[{"embeddable":true,"href":"https:\/\/organicbeeflamb.eu\/sv\/wp-json\/wp\/v2\/comments?post=2045"}],"version-history":[{"count":19,"href":"https:\/\/organicbeeflamb.eu\/sv\/wp-json\/wp\/v2\/pages\/2045\/revisions"}],"predecessor-version":[{"id":7047,"href":"https:\/\/organicbeeflamb.eu\/sv\/wp-json\/wp\/v2\/pages\/2045\/revisions\/7047"}],"up":[{"embeddable":true,"href":"https:\/\/organicbeeflamb.eu\/sv\/wp-json\/wp\/v2\/pages\/2037"}],"wp:attachment":[{"href":"https:\/\/organicbeeflamb.eu\/sv\/wp-json\/wp\/v2\/media?parent=2045"}],"curies":[{"name":"wp","href":"https:\/\/api.w.org\/{rel}","templated":true}]}}